{"id":9553,"date":"2022-11-23T15:42:59","date_gmt":"2022-11-23T14:42:59","guid":{"rendered":"https:\/\/dom-polski.fr\/?post_type=product&#038;p=9553"},"modified":"2024-02-25T19:22:28","modified_gmt":"2024-02-25T18:22:28","slug":"concombres-marines-dans-la-saumure-vitarol-750-g","status":"publish","type":"product","link":"https:\/\/dom-polski.fr\/index.php\/product\/concombres-marines-dans-la-saumure-vitarol-750-g\/","title":{"rendered":"Concombres marin\u00e9s dans la saumure Vitarol 750 g"},"content":{"rendered":"<p>Les cornichons marin\u00e9s dans la saumure sont un tr\u00e9sor de la cuisine polonaise. C&rsquo;est un produit obtenu \u00e0 partir de concombres frais avec des \u00e9pices aromatiques, marin\u00e9s dans la saumure et soumis \u00e0 un processus de fermentation lactique naturelle. Les cornichons sont un compl\u00e9ment id\u00e9al aux viandes et \u00e0 d&rsquo;autres plats de la cuisine traditionnelle, ainsi que pour les salades et les sandwichs.<\/p>\n","protected":false},"excerpt":{"rendered":"<p>Les cornichons marin\u00e9s dans la saumure sont un tr\u00e9sor de la cuisine polonaise. C&rsquo;est un produit obtenu \u00e0 partir de concombres frais avec des \u00e9pices aromatiques, marin\u00e9s dans la saumure <a class=\"more-link\" href=\"https:\/\/dom-polski.fr\/index.php\/product\/concombres-marines-dans-la-saumure-vitarol-750-g\/\">Afficher la suite \u2192<\/a><\/p>\n","protected":false},"featured_media":9554,"comment_status":"open","ping_status":"closed","template":"","meta":{"spay_email":"","jetpack_publicize_message":"","jetpack_is_tweetstorm":false},"aioseo_notices":[],"jetpack_publicize_connections":[],"jetpack_likes_enabled":false,"_links":{"self":[{"href":"https:\/\/dom-polski.fr\/index.php\/wp-json\/wp\/v2\/product\/9553"}],"collection":[{"href":"https:\/\/dom-polski.fr\/index.php\/wp-json\/wp\/v2\/product"}],"about":[{"href":"https:\/\/dom-polski.fr\/index.php\/wp-json\/wp\/v2\/types\/product"}],"replies":[{"embeddable":true,"href":"https:\/\/dom-polski.fr\/index.php\/wp-json\/wp\/v2\/comments?post=9553"}],"wp:featuredmedia":[{"embeddable":true,"href":"https:\/\/dom-polski.fr\/index.php\/wp-json\/wp\/v2\/media\/9554"}],"wp:attachment":[{"href":"https:\/\/dom-polski.fr\/index.php\/wp-json\/wp\/v2\/media?parent=9553"}],"curies":[{"name":"wp","href":"https:\/\/api.w.org\/{rel}","templated":true}]}}