{"id":6185,"date":"2021-02-01T11:26:42","date_gmt":"2021-02-01T10:26:42","guid":{"rendered":"https:\/\/dom-polski.fr\/?post_type=product&#038;p=6185"},"modified":"2023-08-14T10:54:18","modified_gmt":"2023-08-14T08:54:18","slug":"sac-a-dos-folklore-avec-impression-de-laigle","status":"publish","type":"product","link":"https:\/\/dom-polski.fr\/index.php\/product\/sac-a-dos-folklore-avec-impression-de-laigle\/","title":{"rendered":"Sac \u00e0 dos folklore avec impression de l&rsquo;aigle"},"content":{"rendered":"<p><strong>Sac \u00e0 dos Sac avec une impression \u00ab\u00a0Polska\u00a0\u00bb<\/strong><\/p>\n<ul>\n<li><span style=\"font-family: Verdana;\"><strong>Conception :<\/strong>\u00a0contour unicolore d&rsquo;un aigle polonais<\/span><\/li>\n<li><span style=\"font-family: Verdana;\"><strong>Couleur :<\/strong>\u00a0cr\u00e8me<\/span><\/li>\n<\/ul>\n<p>Un sac \u00e0 dos en forme de sac \u00e0 cordes est une alternative aux sacs \u00e0 dos \u00e0 bretelles.<\/p>\n<p><strong>\u00c0 propos de nos sacs \u00e0 dos : <\/strong><\/p>\n<ul>\n<li>taille 37 cm x 46 cm, capacit\u00e9 12 litres<\/li>\n<li>100 % Coton<\/li>\n<li>140 g\/m\u00b2<\/li>\n<li>fermeture \u00e0 cordon<\/li>\n<\/ul>\n<p>Impression permanente, couleurs vives et satur\u00e9es.\u00a0Nous recommandons un lavage \u00e0 l&rsquo;envers et \u00e0 une temp\u00e9rature ne d\u00e9passant pas 30 \u00b0 C.<\/p>\n","protected":false},"excerpt":{"rendered":"<p>Sac \u00e0 dos Sac avec une impression \u00ab\u00a0Polska\u00a0\u00bb Conception :\u00a0contour unicolore d&rsquo;un aigle polonais Couleur :\u00a0cr\u00e8me Un sac \u00e0 dos en forme de sac \u00e0 cordes est une alternative aux <a class=\"more-link\" href=\"https:\/\/dom-polski.fr\/index.php\/product\/sac-a-dos-folklore-avec-impression-de-laigle\/\">Afficher la suite \u2192<\/a><\/p>\n","protected":false},"featured_media":6141,"comment_status":"open","ping_status":"closed","template":"","meta":{"spay_email":"","jetpack_publicize_message":"","jetpack_is_tweetstorm":false},"aioseo_notices":[],"jetpack_publicize_connections":[],"jetpack_likes_enabled":false,"_links":{"self":[{"href":"https:\/\/dom-polski.fr\/index.php\/wp-json\/wp\/v2\/product\/6185"}],"collection":[{"href":"https:\/\/dom-polski.fr\/index.php\/wp-json\/wp\/v2\/product"}],"about":[{"href":"https:\/\/dom-polski.fr\/index.php\/wp-json\/wp\/v2\/types\/product"}],"replies":[{"embeddable":true,"href":"https:\/\/dom-polski.fr\/index.php\/wp-json\/wp\/v2\/comments?post=6185"}],"wp:featuredmedia":[{"embeddable":true,"href":"https:\/\/dom-polski.fr\/index.php\/wp-json\/wp\/v2\/media\/6141"}],"wp:attachment":[{"href":"https:\/\/dom-polski.fr\/index.php\/wp-json\/wp\/v2\/media?parent=6185"}],"curies":[{"name":"wp","href":"https:\/\/api.w.org\/{rel}","templated":true}]}}