{"id":4714,"date":"2020-06-23T11:44:54","date_gmt":"2020-06-23T09:44:54","guid":{"rendered":"https:\/\/dom-polski.fr\/?post_type=product&#038;p=4714"},"modified":"2026-03-10T09:30:21","modified_gmt":"2026-03-10T08:30:21","slug":"tiges-de-mais-a-la-fraise-70-g","status":"publish","type":"product","link":"https:\/\/dom-polski.fr\/index.php\/product\/tiges-de-mais-a-la-fraise-70-g\/","title":{"rendered":"Tiges de ma\u00efs \u00e0 la fraise 70 g"},"content":{"rendered":"<p>Ingr\u00e9dients\u00a0: 70 % de bouillie de ma\u00efs, 30 % de cr\u00e8me aromatis\u00e9e \u00e0 la fraise : huile de colza, sucre en poudre, graisses v\u00e9g\u00e9tales partiellement durcies (palme, colza), lait \u00e9cr\u00e9m\u00e9 en poudre, lactos\u00e9rum en poudre (\u00e0 partir de lait), ar\u00f4me naturel de fraise, concentr\u00e9s de fruits et l\u00e9gumes (radis, cassis, pomme), r\u00e9gulateurs d&rsquo;acidit\u00e9 : acide citrique, \u00e9mulsifiant : l\u00e9cithine (de soja).<br \/>\nPoids : 70 g.<\/p>\n","protected":false},"excerpt":{"rendered":"<p>Valeurs nutritionnelles (%) dans 100 gValeur \u00e9nerg\u00e9tique 1997 kJ. Valeur \u00e9nerg\u00e9tique de 476 kcal, 20 g de mati\u00e8res grasses dont acides gras satur\u00e9s 3,6 g, glucides 66 g dont sucres 10 g, fibre 3,0 g, prot\u00e9ines 6,5 g, sel 0,02 g.<\/p>\n<p>Allerg\u00e8nes\u00a0: Ne contient pas de gluten, contient\u00a0: lait et soja, peut contenir\u00a0: arachides.<\/p>\n<p>&nbsp; <a class=\"more-link\" href=\"https:\/\/dom-polski.fr\/index.php\/product\/tiges-de-mais-a-la-fraise-70-g\/\">Afficher la suite \u2192<\/a><\/p>\n","protected":false},"featured_media":4715,"comment_status":"open","ping_status":"closed","template":"","meta":{"spay_email":"","jetpack_publicize_message":"","jetpack_is_tweetstorm":false},"aioseo_notices":[],"jetpack_publicize_connections":[],"jetpack_likes_enabled":false,"_links":{"self":[{"href":"https:\/\/dom-polski.fr\/index.php\/wp-json\/wp\/v2\/product\/4714"}],"collection":[{"href":"https:\/\/dom-polski.fr\/index.php\/wp-json\/wp\/v2\/product"}],"about":[{"href":"https:\/\/dom-polski.fr\/index.php\/wp-json\/wp\/v2\/types\/product"}],"replies":[{"embeddable":true,"href":"https:\/\/dom-polski.fr\/index.php\/wp-json\/wp\/v2\/comments?post=4714"}],"wp:featuredmedia":[{"embeddable":true,"href":"https:\/\/dom-polski.fr\/index.php\/wp-json\/wp\/v2\/media\/4715"}],"wp:attachment":[{"href":"https:\/\/dom-polski.fr\/index.php\/wp-json\/wp\/v2\/media?parent=4714"}],"curies":[{"name":"wp","href":"https:\/\/api.w.org\/{rel}","templated":true}]}}